{"id":6655,"date":"2021-11-30T12:53:55","date_gmt":"2021-11-30T12:53:55","guid":{"rendered":"https:\/\/www.luksicscholars.org\/?post_type=ls-event&#038;p=6655"},"modified":"2021-12-06T19:26:40","modified_gmt":"2021-12-06T19:26:40","slug":"public-deliberation-and-freedom-of-expression-in-a-more-inclusive-society-can-we-have-both-deliberacion-publica-y-libertad-de-expresion-en-una-sociedad-mas-inclusiva-podemos-tener-ambos","status":"publish","type":"ls-event","link":"https:\/\/luksicscholars.org\/en\/event\/public-deliberation-and-freedom-of-expression-in-a-more-inclusive-society-can-we-have-both-deliberacion-publica-y-libertad-de-expresion-en-una-sociedad-mas-inclusiva-podemos-tener-ambos\/","title":{"rendered":"Public Deliberation and Freedom of Expression in a More Inclusive Society: Can we have both? \/ Deliberaci\u00f3n p\u00fablica y libertad de expresi\u00f3n en una sociedad m\u00e1s inclusiva: \u00bfPodemos tener ambos?"},"content":{"rendered":"\n<p><span class=\"ls-force-justify\">International Keynote Speaker:\u00a0<strong>Archon Fung<\/strong>, Winthrop Laflin McCormack Professor of Citizenship and Self-Government at the Harvard Kennedy School<br><br>Local Panelists:\u00a0<strong>Patricio Bernedo<\/strong>, Dean of the Faculty of History, Geography and Political Science, Universidad Cat\u00f3lica;\u00a0<strong>Paula Molina<\/strong>, Host and editor at Radio Cooperativa, general editor at Cooperativa Podcast, contributor to the BBC and Harvard Nieman Fellow &#8217;13;\u00a0<strong>Chiara Saez<\/strong>, Associate Professor, Institute of Communication and Image, Universidad de Chile and head of the project to measure news pluralism:\u00a0<a href=\"https:\/\/pluralismotv.org\/\">pluralismotv.org<\/a>;\u00a0<strong>Francisco Urbina<\/strong>, Assistant Professor, Public Law Department, Universidad Cat\u00f3lica<br><\/span><br><span class=\"ls-force-justify\">Moderated by:\u00a0<strong>Steven Levitsky<\/strong>, Director, David Rockefeller Center for Latin American Studies; Professor of Government, Harvard University; Co-author,\u00a0<em>How Democracies Die<\/em><\/span><\/p>\n\n\n\n<p>For more information about the speakers, please click <a href=\"https:\/\/drclas.harvard.edu\/event\/public-deliberation-and-freedom-expression-more-inclusive-society-can-we-have-both?delta=0\" target=\"_blank\" rel=\"noreferrer noopener\">here<\/a>.<\/p>\n","protected":false},"excerpt":{"rendered":"<p>Timezone: CLT<\/p>\n<p>Language: Spanish with simultaneous English interpretation<\/p>\n<p>As Chileans write a new Constitution aimed at representing a more diverse and more inclusive society, intense new debates have begun to test the limits of public deliberation and freedom of expression. What are the appropriate standards for public debate in a diverse and democratic public sphere, and which institutional arrangements will best sustain them?<\/p>\n","protected":false,"has_excerpt":true},"featured_media":0,"parent":0,"comment_status":"open","ping_status":"closed","template":"","class_list":["post-6655","ls-event","type-ls-event","status-publish","hentry"],"acf":{"date_start":"2021-12-09 11:00:00","date_end":"2021-12-09 13:00:00","timezone":"CLT - Chile Standard Time (CMT-3:00)","list_description":"","event_type":"virtual","organized_by":"harvard drclas","organized_by_url":"https:\/\/drclas.harvard.edu\/","is_private":false,"attendance_instructions":"Registration is requested. Use the Sign Up link below.","external_link":"https:\/\/harvard.zoom.us\/webinar\/register\/WN_pnwYCcdNRK63SsW1HrJR9w","external_email":"","external_use":"url","external_cta":"Sign Up","is_portal_event":false,"related_scholar":false,"target_description":"","registration_instructions":"","reject_event":false,"reminders_sent":false,"microinteractions":{"remindme":{"count":"","users":false}}},"yoast_head":"<!-- This site is optimized with the Yoast SEO plugin v27.3 - https:\/\/yoast.com\/product\/yoast-seo-wordpress\/ -->\n<title>Public Deliberation and Freedom of Expression in a More Inclusive Society: Can we have both? \/ Deliberaci\u00f3n p\u00fablica y libertad de expresi\u00f3n en una sociedad m\u00e1s inclusiva: \u00bfPodemos tener ambos? - Luksic Scholars<\/title>\n<meta name=\"robots\" content=\"index, follow, max-snippet:-1, max-image-preview:large, max-video-preview:-1\" \/>\n<link rel=\"canonical\" href=\"https:\/\/luksicscholars.org\/en\/event\/public-deliberation-and-freedom-of-expression-in-a-more-inclusive-society-can-we-have-both-deliberacion-publica-y-libertad-de-expresion-en-una-sociedad-mas-inclusiva-podemos-tener-ambos\/\" \/>\n<meta property=\"og:locale\" content=\"en_US\" \/>\n<meta property=\"og:type\" content=\"article\" \/>\n<meta property=\"og:title\" content=\"Public Deliberation and Freedom of Expression in a More Inclusive Society: Can we have both? \/ Deliberaci\u00f3n p\u00fablica y libertad de expresi\u00f3n en una sociedad m\u00e1s inclusiva: \u00bfPodemos tener ambos? - Luksic Scholars\" \/>\n<meta property=\"og:description\" content=\"Timezone: CLT Language: Spanish with simultaneous English interpretation As Chileans write a new Constitution aimed at representing a more diverse and more inclusive society, intense new debates have begun to test the limits of public deliberation and freedom of expression. What are the appropriate standards for public debate in a diverse and democratic public sphere, and which institutional arrangements will best sustain them?\" \/>\n<meta property=\"og:url\" content=\"https:\/\/luksicscholars.org\/en\/event\/public-deliberation-and-freedom-of-expression-in-a-more-inclusive-society-can-we-have-both-deliberacion-publica-y-libertad-de-expresion-en-una-sociedad-mas-inclusiva-podemos-tener-ambos\/\" \/>\n<meta property=\"og:site_name\" content=\"Luksic Scholars\" \/>\n<meta property=\"article:modified_time\" content=\"2021-12-06T19:26:40+00:00\" \/>\n<meta name=\"twitter:card\" content=\"summary_large_image\" \/>\n<meta name=\"twitter:label1\" content=\"Est. reading time\" \/>\n\t<meta name=\"twitter:data1\" content=\"1 minute\" \/>\n<script type=\"application\/ld+json\" class=\"yoast-schema-graph\">{\"@context\":\"https:\\\/\\\/schema.org\",\"@graph\":[{\"@type\":\"WebPage\",\"@id\":\"https:\\\/\\\/luksicscholars.org\\\/en\\\/event\\\/public-deliberation-and-freedom-of-expression-in-a-more-inclusive-society-can-we-have-both-deliberacion-publica-y-libertad-de-expresion-en-una-sociedad-mas-inclusiva-podemos-tener-ambos\\\/\",\"url\":\"https:\\\/\\\/luksicscholars.org\\\/en\\\/event\\\/public-deliberation-and-freedom-of-expression-in-a-more-inclusive-society-can-we-have-both-deliberacion-publica-y-libertad-de-expresion-en-una-sociedad-mas-inclusiva-podemos-tener-ambos\\\/\",\"name\":\"Public Deliberation and Freedom of Expression in a More Inclusive Society: Can we have both? \\\/ Deliberaci\u00f3n p\u00fablica y libertad de expresi\u00f3n en una sociedad m\u00e1s inclusiva: \u00bfPodemos tener ambos? - Luksic Scholars\",\"isPartOf\":{\"@id\":\"https:\\\/\\\/luksicscholars.org\\\/#website\"},\"datePublished\":\"2021-11-30T12:53:55+00:00\",\"dateModified\":\"2021-12-06T19:26:40+00:00\",\"breadcrumb\":{\"@id\":\"https:\\\/\\\/luksicscholars.org\\\/en\\\/event\\\/public-deliberation-and-freedom-of-expression-in-a-more-inclusive-society-can-we-have-both-deliberacion-publica-y-libertad-de-expresion-en-una-sociedad-mas-inclusiva-podemos-tener-ambos\\\/#breadcrumb\"},\"inLanguage\":\"en-US\",\"potentialAction\":[{\"@type\":\"ReadAction\",\"target\":[\"https:\\\/\\\/luksicscholars.org\\\/en\\\/event\\\/public-deliberation-and-freedom-of-expression-in-a-more-inclusive-society-can-we-have-both-deliberacion-publica-y-libertad-de-expresion-en-una-sociedad-mas-inclusiva-podemos-tener-ambos\\\/\"]}]},{\"@type\":\"BreadcrumbList\",\"@id\":\"https:\\\/\\\/luksicscholars.org\\\/en\\\/event\\\/public-deliberation-and-freedom-of-expression-in-a-more-inclusive-society-can-we-have-both-deliberacion-publica-y-libertad-de-expresion-en-una-sociedad-mas-inclusiva-podemos-tener-ambos\\\/#breadcrumb\",\"itemListElement\":[{\"@type\":\"ListItem\",\"position\":1,\"name\":\"Home\",\"item\":\"https:\\\/\\\/luksicscholars.org\\\/en\\\/\"},{\"@type\":\"ListItem\",\"position\":2,\"name\":\"Eventos\",\"item\":\"https:\\\/\\\/luksicscholars.org\\\/evento\\\/\"},{\"@type\":\"ListItem\",\"position\":3,\"name\":\"Public Deliberation and Freedom of Expression in a More Inclusive Society: Can we have both? \\\/ Deliberaci\u00f3n p\u00fablica y libertad de expresi\u00f3n en una sociedad m\u00e1s inclusiva: \u00bfPodemos tener ambos?\"}]},{\"@type\":\"WebSite\",\"@id\":\"https:\\\/\\\/luksicscholars.org\\\/#website\",\"url\":\"https:\\\/\\\/luksicscholars.org\\\/\",\"name\":\"Luksic Scholars\",\"description\":\"Connecting Luksic Scholars around the world\",\"publisher\":{\"@id\":\"https:\\\/\\\/luksicscholars.org\\\/#organization\"},\"potentialAction\":[{\"@type\":\"SearchAction\",\"target\":{\"@type\":\"EntryPoint\",\"urlTemplate\":\"https:\\\/\\\/luksicscholars.org\\\/?s={search_term_string}\"},\"query-input\":{\"@type\":\"PropertyValueSpecification\",\"valueRequired\":true,\"valueName\":\"search_term_string\"}}],\"inLanguage\":\"en-US\"},{\"@type\":\"Organization\",\"@id\":\"https:\\\/\\\/luksicscholars.org\\\/#organization\",\"name\":\"Luksic Scholars\",\"url\":\"https:\\\/\\\/luksicscholars.org\\\/\",\"logo\":{\"@type\":\"ImageObject\",\"inLanguage\":\"en-US\",\"@id\":\"https:\\\/\\\/luksicscholars.org\\\/#\\\/schema\\\/logo\\\/image\\\/\",\"url\":\"https:\\\/\\\/luksicscholars.org\\\/\\\/wp-content\\\/uploads\\\/2020\\\/09\\\/LuksicScholarsFoundation-Primary-white.svg\",\"contentUrl\":\"https:\\\/\\\/luksicscholars.org\\\/\\\/wp-content\\\/uploads\\\/2020\\\/09\\\/LuksicScholarsFoundation-Primary-white.svg\",\"width\":1177,\"height\":305,\"caption\":\"Luksic Scholars\"},\"image\":{\"@id\":\"https:\\\/\\\/luksicscholars.org\\\/#\\\/schema\\\/logo\\\/image\\\/\"}}]}<\/script>\n<!-- \/ Yoast SEO plugin. -->","yoast_head_json":{"title":"Public Deliberation and Freedom of Expression in a More Inclusive Society: Can we have both? \/ Deliberaci\u00f3n p\u00fablica y libertad de expresi\u00f3n en una sociedad m\u00e1s inclusiva: \u00bfPodemos tener ambos? - Luksic Scholars","robots":{"index":"index","follow":"follow","max-snippet":"max-snippet:-1","max-image-preview":"max-image-preview:large","max-video-preview":"max-video-preview:-1"},"canonical":"https:\/\/luksicscholars.org\/en\/event\/public-deliberation-and-freedom-of-expression-in-a-more-inclusive-society-can-we-have-both-deliberacion-publica-y-libertad-de-expresion-en-una-sociedad-mas-inclusiva-podemos-tener-ambos\/","og_locale":"en_US","og_type":"article","og_title":"Public Deliberation and Freedom of Expression in a More Inclusive Society: Can we have both? \/ Deliberaci\u00f3n p\u00fablica y libertad de expresi\u00f3n en una sociedad m\u00e1s inclusiva: \u00bfPodemos tener ambos? - Luksic Scholars","og_description":"Timezone: CLT Language: Spanish with simultaneous English interpretation As Chileans write a new Constitution aimed at representing a more diverse and more inclusive society, intense new debates have begun to test the limits of public deliberation and freedom of expression. What are the appropriate standards for public debate in a diverse and democratic public sphere, and which institutional arrangements will best sustain them?","og_url":"https:\/\/luksicscholars.org\/en\/event\/public-deliberation-and-freedom-of-expression-in-a-more-inclusive-society-can-we-have-both-deliberacion-publica-y-libertad-de-expresion-en-una-sociedad-mas-inclusiva-podemos-tener-ambos\/","og_site_name":"Luksic Scholars","article_modified_time":"2021-12-06T19:26:40+00:00","twitter_card":"summary_large_image","twitter_misc":{"Est. reading time":"1 minute"},"schema":{"@context":"https:\/\/schema.org","@graph":[{"@type":"WebPage","@id":"https:\/\/luksicscholars.org\/en\/event\/public-deliberation-and-freedom-of-expression-in-a-more-inclusive-society-can-we-have-both-deliberacion-publica-y-libertad-de-expresion-en-una-sociedad-mas-inclusiva-podemos-tener-ambos\/","url":"https:\/\/luksicscholars.org\/en\/event\/public-deliberation-and-freedom-of-expression-in-a-more-inclusive-society-can-we-have-both-deliberacion-publica-y-libertad-de-expresion-en-una-sociedad-mas-inclusiva-podemos-tener-ambos\/","name":"Public Deliberation and Freedom of Expression in a More Inclusive Society: Can we have both? \/ Deliberaci\u00f3n p\u00fablica y libertad de expresi\u00f3n en una sociedad m\u00e1s inclusiva: \u00bfPodemos tener ambos? - Luksic Scholars","isPartOf":{"@id":"https:\/\/luksicscholars.org\/#website"},"datePublished":"2021-11-30T12:53:55+00:00","dateModified":"2021-12-06T19:26:40+00:00","breadcrumb":{"@id":"https:\/\/luksicscholars.org\/en\/event\/public-deliberation-and-freedom-of-expression-in-a-more-inclusive-society-can-we-have-both-deliberacion-publica-y-libertad-de-expresion-en-una-sociedad-mas-inclusiva-podemos-tener-ambos\/#breadcrumb"},"inLanguage":"en-US","potentialAction":[{"@type":"ReadAction","target":["https:\/\/luksicscholars.org\/en\/event\/public-deliberation-and-freedom-of-expression-in-a-more-inclusive-society-can-we-have-both-deliberacion-publica-y-libertad-de-expresion-en-una-sociedad-mas-inclusiva-podemos-tener-ambos\/"]}]},{"@type":"BreadcrumbList","@id":"https:\/\/luksicscholars.org\/en\/event\/public-deliberation-and-freedom-of-expression-in-a-more-inclusive-society-can-we-have-both-deliberacion-publica-y-libertad-de-expresion-en-una-sociedad-mas-inclusiva-podemos-tener-ambos\/#breadcrumb","itemListElement":[{"@type":"ListItem","position":1,"name":"Home","item":"https:\/\/luksicscholars.org\/en\/"},{"@type":"ListItem","position":2,"name":"Eventos","item":"https:\/\/luksicscholars.org\/evento\/"},{"@type":"ListItem","position":3,"name":"Public Deliberation and Freedom of Expression in a More Inclusive Society: Can we have both? \/ Deliberaci\u00f3n p\u00fablica y libertad de expresi\u00f3n en una sociedad m\u00e1s inclusiva: \u00bfPodemos tener ambos?"}]},{"@type":"WebSite","@id":"https:\/\/luksicscholars.org\/#website","url":"https:\/\/luksicscholars.org\/","name":"Luksic Scholars","description":"Connecting Luksic Scholars around the world","publisher":{"@id":"https:\/\/luksicscholars.org\/#organization"},"potentialAction":[{"@type":"SearchAction","target":{"@type":"EntryPoint","urlTemplate":"https:\/\/luksicscholars.org\/?s={search_term_string}"},"query-input":{"@type":"PropertyValueSpecification","valueRequired":true,"valueName":"search_term_string"}}],"inLanguage":"en-US"},{"@type":"Organization","@id":"https:\/\/luksicscholars.org\/#organization","name":"Luksic Scholars","url":"https:\/\/luksicscholars.org\/","logo":{"@type":"ImageObject","inLanguage":"en-US","@id":"https:\/\/luksicscholars.org\/#\/schema\/logo\/image\/","url":"https:\/\/luksicscholars.org\/\/wp-content\/uploads\/2020\/09\/LuksicScholarsFoundation-Primary-white.svg","contentUrl":"https:\/\/luksicscholars.org\/\/wp-content\/uploads\/2020\/09\/LuksicScholarsFoundation-Primary-white.svg","width":1177,"height":305,"caption":"Luksic Scholars"},"image":{"@id":"https:\/\/luksicscholars.org\/#\/schema\/logo\/image\/"}}]}},"_links":{"self":[{"href":"https:\/\/luksicscholars.org\/en\/wp-json\/wp\/v2\/ls-event\/6655","targetHints":{"allow":["GET"]}}],"collection":[{"href":"https:\/\/luksicscholars.org\/en\/wp-json\/wp\/v2\/ls-event"}],"about":[{"href":"https:\/\/luksicscholars.org\/en\/wp-json\/wp\/v2\/types\/ls-event"}],"replies":[{"embeddable":true,"href":"https:\/\/luksicscholars.org\/en\/wp-json\/wp\/v2\/comments?post=6655"}],"wp:attachment":[{"href":"https:\/\/luksicscholars.org\/en\/wp-json\/wp\/v2\/media?parent=6655"}],"curies":[{"name":"wp","href":"https:\/\/api.w.org\/{rel}","templated":true}]}}