{"id":9268,"date":"2024-04-04T21:50:51","date_gmt":"2024-04-04T21:50:51","guid":{"rendered":"https:\/\/luksicscholars.org\/?post_type=ls-admin-announce&#038;p=9268"},"modified":"2024-04-04T21:54:40","modified_gmt":"2024-04-04T21:54:40","slug":"fundacion-luksic-scholars-se-integra-a-fundacion-luksic-luksic-scholars-foundation-becomes-part-of-the-luksic-foundation","status":"publish","type":"ls-admin-announce","link":"https:\/\/luksicscholars.org\/en\/admin-announcement\/fundacion-luksic-scholars-se-integra-a-fundacion-luksic-luksic-scholars-foundation-becomes-part-of-the-luksic-foundation\/","title":{"rendered":"Fundaci\u00f3n Luksic Scholars se integra a Fundaci\u00f3n Luksic\/ Luksic Scholars Foundation becomes part of the Luksic Foundation"},"content":{"rendered":"\n<p>Estimada Comunidad Luksic Scholars,<\/p>\n\n\n\n<p>Compartimos con ustedes una emocionante y significativa noticia para nuestra comunidad. A partir de este a\u00f1o, la Fundaci\u00f3n Luksic Scholars se fusiona con su fundaci\u00f3n matriz, Fundaci\u00f3n Luksic. Este cambio representa un nuevo cap\u00edtulo para la instituci\u00f3n ya que formaremos el \u00e1rea de Relacionamiento Internacional de la Fundaci\u00f3n Luksic.<\/p>\n\n\n\n<p>Esta uni\u00f3n nos brinda la oportunidad de fortalecer nuestro compromiso con la internacionalizaci\u00f3n de la educaci\u00f3n y el fomento de relaciones entre Chile y el mundo. Nuestra misi\u00f3n de apoyar el talento y el conocimiento con una perspectiva global sigue intacta, y continuaremos trabajando para ofrecer oportunidades y apoyo a nuestros Scholars, promoviendo el desarrollo de l\u00edderes en Chile y m\u00e1s all\u00e1.<\/p>\n\n\n\n<p>A pesar de los cambios administrativos, queremos asegurarles que nuestro equipo permanece inquebrantable y seguir\u00e1 colaborando estrechamente con nuestros socios internacionales para ofrecer programas acad\u00e9micos de alta calidad. Algunos cambios en los roles del equipo: Trinidad Garc\u00eda asume el cargo de Directora de Relacionamiento Internacional; Vanessa G\u00f3mez liderar\u00e1 los Programas de Relacionamiento Internacional; Gabrielle Trasatti ser\u00e1 la Coordinadora de Vinculaci\u00f3n Internacional; y Camila Echevarr\u00eda desempe\u00f1ar\u00e1 el rol de Coordinadora de la Comunidad Scholars. Isabella Luksic continuar\u00e1 como Gerente General de la Fundaci\u00f3n Luksic.<\/p>\n\n\n\n<p>Desde su inicio, la Fundaci\u00f3n Luksic Scholars ha sido un pilar en la promoci\u00f3n de la educaci\u00f3n superior internacional y el establecimiento de alianzas estrat\u00e9gicas con universidades de todo el mundo. A trav\u00e9s de nuestros programas, fondos y otras iniciativas, hemos impactado positivamente a m\u00e1s de 2 mil personas en m\u00e1s de 30 programas en 18 universidades diferentes. Queremos enfatizar que la comunidad de Luksic Scholars se mantiene intacta, al igual que el Portal y todas las oportunidades post-programa que ofrecemos.<\/p>\n\n\n\n<p>Agradecemos su continuo apoyo y esperamos seguir colaborando juntos en esta nueva etapa de Luksic Scholars, ahora como parte del \u00e1rea de Relacionamiento Internacional de la Fundaci\u00f3n Luksic.<br><br>Si tienes alguna pregunta, puedes escribir a Camila Echevarr\u00eda a su email <a href=\"mailto:cechevarria@fundacionluksic.cl\">cechevarria@fundacionluksic.cl<\/a>.<\/p>\n\n\n\n<p>Saludos,<\/p>\n\n\n\n<p>Equipo Relacionamiento Internacional<\/p>\n\n\n\n<hr class=\"wp-block-separator has-alpha-channel-opacity is-style-dots\"\/>\n\n\n\n<p>Dear Luksic Scholars Community,<\/p>\n\n\n\n<p>We are thrilled to share some exciting news with you all. Starting this year, the Luksic Scholars Foundation has become part of its parent foundation, the Luksic Foundation, the first and oldest of the Luksic family foundations. This change marks a new chapter for our institution as our team now represents the International Relations department of the Luksic Foundation.<\/p>\n\n\n\n<p>This integration allows us to strengthen our commitment to the internationalization of education and the fostering of relationships between Chile and the world. Our mission to support talent and knowledge with a global perspective remains unchanged, and we will continue working to provide opportunities and support to our Scholars, promoting the development of leaders in Chile and beyond.<\/p>\n\n\n\n<p>Despite these administrative changes, our team members remain the same and we will continue to collaborate closely with our international partners to deliver high-quality academic programs and ongoing opportunities for the Scholar community.<\/p>\n\n\n\n<p>In terms of our team dynamic, Trinidad Garc\u00eda is now the Director of International Relations; Vanessa G\u00f3mez remains as the Manager of International Programs; Gabrielle Trasatti remains as the International Outreach Coordinator; and Camila Echevarr\u00eda continues to be the Scholars Community Coordinator. Isabella Luksic will continue to serve as the CEO of the Luksic Foundation.<\/p>\n\n\n\n<p>Since its establishment, the Luksic Scholars Foundation has been a cornerstone in promoting international higher education and establishing strategic partnerships with universities worldwide. Through our programs, funds, and other initiatives, we have positively impacted over 2,000 individuals across 30 programs in 18 different universities. We want to emphasize that the Luksic Scholars community remains unchanged, along with the Portal and all the post-program opportunities we offer.<\/p>\n\n\n\n<p>We appreciate your ongoing support and look forward to continuing our collaboration in this new chapter of Luksic Scholars, now as part of the International Relations department of the Luksic Foundation.<\/p>\n\n\n\n<p>Please reach out to Camila Echevarr\u00eda at cechevarria@funcacionluksic.cl if you have any questions.<\/p>\n\n\n\n<p>Best regards,<\/p>\n\n\n\n<p><br>International Relations Team<\/p>\n","protected":false},"excerpt":{"rendered":"<p>Estimada Comunidad Luksic Scholars, Compartimos con ustedes una emocionante y significativa noticia para nuestra comunidad. A partir de este a\u00f1o, la Fundaci\u00f3n Luksic Scholars se fusiona con su fundaci\u00f3n matriz, Fundaci\u00f3n Luksic. Este cambio representa un nuevo cap\u00edtulo para la instituci\u00f3n ya que formaremos el \u00e1rea de Relacionamiento Internacional de la Fundaci\u00f3n Luksic. Esta uni\u00f3n [&hellip;]<\/p>\n","protected":false,"has_excerpt":false},"featured_media":0,"parent":0,"comment_status":"open","ping_status":"closed","template":"","ls-admin-ann-tag":[],"class_list":["post-9268","ls-admin-announce","type-ls-admin-announce","status-publish","hentry"],"acf":{"pinned":true,"microinteractions":{"interesting":{"count":"0","users":false},"helpfull":{"count":"0","users":false},"likeit":{"count":"5","users":[2101,1806,1765,1843,580]}},"external_link":"","external_email":"","external_use":"url","external_link_cta":"Sign in","files":false,"default_image":"2","notification_filter_program":false,"notification_filter_year":"","notification_filter_location":{"city":"","province":"","country":""}},"yoast_head":"<!-- This site is optimized with the Yoast SEO plugin v27.3 - https:\/\/yoast.com\/product\/yoast-seo-wordpress\/ -->\n<title>Fundaci\u00f3n Luksic Scholars se integra a Fundaci\u00f3n Luksic\/ Luksic Scholars Foundation becomes part of the Luksic Foundation - Luksic Scholars<\/title>\n<meta name=\"robots\" content=\"index, follow, max-snippet:-1, max-image-preview:large, max-video-preview:-1\" \/>\n<link rel=\"canonical\" href=\"https:\/\/luksicscholars.org\/en\/admin-announcement\/fundacion-luksic-scholars-se-integra-a-fundacion-luksic-luksic-scholars-foundation-becomes-part-of-the-luksic-foundation\/\" \/>\n<meta property=\"og:locale\" content=\"en_US\" \/>\n<meta property=\"og:type\" content=\"article\" \/>\n<meta property=\"og:title\" content=\"Fundaci\u00f3n Luksic Scholars se integra a Fundaci\u00f3n Luksic\/ Luksic Scholars Foundation becomes part of the Luksic Foundation - Luksic Scholars\" \/>\n<meta property=\"og:description\" content=\"Estimada Comunidad Luksic Scholars, Compartimos con ustedes una emocionante y significativa noticia para nuestra comunidad. A partir de este a\u00f1o, la Fundaci\u00f3n Luksic Scholars se fusiona con su fundaci\u00f3n matriz, Fundaci\u00f3n Luksic. Este cambio representa un nuevo cap\u00edtulo para la instituci\u00f3n ya que formaremos el \u00e1rea de Relacionamiento Internacional de la Fundaci\u00f3n Luksic. Esta uni\u00f3n [&hellip;]\" \/>\n<meta property=\"og:url\" content=\"https:\/\/luksicscholars.org\/en\/admin-announcement\/fundacion-luksic-scholars-se-integra-a-fundacion-luksic-luksic-scholars-foundation-becomes-part-of-the-luksic-foundation\/\" \/>\n<meta property=\"og:site_name\" content=\"Luksic Scholars\" \/>\n<meta property=\"article:modified_time\" content=\"2024-04-04T21:54:40+00:00\" \/>\n<meta name=\"twitter:card\" content=\"summary_large_image\" \/>\n<meta name=\"twitter:label1\" content=\"Est. reading time\" \/>\n\t<meta name=\"twitter:data1\" content=\"3 minutes\" \/>\n<script type=\"application\/ld+json\" class=\"yoast-schema-graph\">{\"@context\":\"https:\\\/\\\/schema.org\",\"@graph\":[{\"@type\":\"WebPage\",\"@id\":\"https:\\\/\\\/luksicscholars.org\\\/en\\\/admin-announcement\\\/fundacion-luksic-scholars-se-integra-a-fundacion-luksic-luksic-scholars-foundation-becomes-part-of-the-luksic-foundation\\\/\",\"url\":\"https:\\\/\\\/luksicscholars.org\\\/en\\\/admin-announcement\\\/fundacion-luksic-scholars-se-integra-a-fundacion-luksic-luksic-scholars-foundation-becomes-part-of-the-luksic-foundation\\\/\",\"name\":\"Fundaci\u00f3n Luksic Scholars se integra a Fundaci\u00f3n Luksic\\\/ Luksic Scholars Foundation becomes part of the Luksic Foundation - Luksic Scholars\",\"isPartOf\":{\"@id\":\"https:\\\/\\\/luksicscholars.org\\\/#website\"},\"datePublished\":\"2024-04-04T21:50:51+00:00\",\"dateModified\":\"2024-04-04T21:54:40+00:00\",\"breadcrumb\":{\"@id\":\"https:\\\/\\\/luksicscholars.org\\\/en\\\/admin-announcement\\\/fundacion-luksic-scholars-se-integra-a-fundacion-luksic-luksic-scholars-foundation-becomes-part-of-the-luksic-foundation\\\/#breadcrumb\"},\"inLanguage\":\"en-US\",\"potentialAction\":[{\"@type\":\"ReadAction\",\"target\":[\"https:\\\/\\\/luksicscholars.org\\\/en\\\/admin-announcement\\\/fundacion-luksic-scholars-se-integra-a-fundacion-luksic-luksic-scholars-foundation-becomes-part-of-the-luksic-foundation\\\/\"]}]},{\"@type\":\"BreadcrumbList\",\"@id\":\"https:\\\/\\\/luksicscholars.org\\\/en\\\/admin-announcement\\\/fundacion-luksic-scholars-se-integra-a-fundacion-luksic-luksic-scholars-foundation-becomes-part-of-the-luksic-foundation\\\/#breadcrumb\",\"itemListElement\":[{\"@type\":\"ListItem\",\"position\":1,\"name\":\"Home\",\"item\":\"https:\\\/\\\/luksicscholars.org\\\/en\\\/\"},{\"@type\":\"ListItem\",\"position\":2,\"name\":\"Admin Announcements\",\"item\":\"https:\\\/\\\/luksicscholars.org\\\/admin-announcement\\\/\"},{\"@type\":\"ListItem\",\"position\":3,\"name\":\"Fundaci\u00f3n Luksic Scholars se integra a Fundaci\u00f3n Luksic\\\/ Luksic Scholars Foundation becomes part of the Luksic Foundation\"}]},{\"@type\":\"WebSite\",\"@id\":\"https:\\\/\\\/luksicscholars.org\\\/#website\",\"url\":\"https:\\\/\\\/luksicscholars.org\\\/\",\"name\":\"Luksic Scholars\",\"description\":\"Connecting Luksic Scholars around the world\",\"publisher\":{\"@id\":\"https:\\\/\\\/luksicscholars.org\\\/#organization\"},\"potentialAction\":[{\"@type\":\"SearchAction\",\"target\":{\"@type\":\"EntryPoint\",\"urlTemplate\":\"https:\\\/\\\/luksicscholars.org\\\/?s={search_term_string}\"},\"query-input\":{\"@type\":\"PropertyValueSpecification\",\"valueRequired\":true,\"valueName\":\"search_term_string\"}}],\"inLanguage\":\"en-US\"},{\"@type\":\"Organization\",\"@id\":\"https:\\\/\\\/luksicscholars.org\\\/#organization\",\"name\":\"Luksic Scholars\",\"url\":\"https:\\\/\\\/luksicscholars.org\\\/\",\"logo\":{\"@type\":\"ImageObject\",\"inLanguage\":\"en-US\",\"@id\":\"https:\\\/\\\/luksicscholars.org\\\/#\\\/schema\\\/logo\\\/image\\\/\",\"url\":\"https:\\\/\\\/luksicscholars.org\\\/\\\/wp-content\\\/uploads\\\/2020\\\/09\\\/LuksicScholarsFoundation-Primary-white.svg\",\"contentUrl\":\"https:\\\/\\\/luksicscholars.org\\\/\\\/wp-content\\\/uploads\\\/2020\\\/09\\\/LuksicScholarsFoundation-Primary-white.svg\",\"width\":1177,\"height\":305,\"caption\":\"Luksic Scholars\"},\"image\":{\"@id\":\"https:\\\/\\\/luksicscholars.org\\\/#\\\/schema\\\/logo\\\/image\\\/\"}}]}<\/script>\n<!-- \/ Yoast SEO plugin. -->","yoast_head_json":{"title":"Fundaci\u00f3n Luksic Scholars se integra a Fundaci\u00f3n Luksic\/ Luksic Scholars Foundation becomes part of the Luksic Foundation - Luksic Scholars","robots":{"index":"index","follow":"follow","max-snippet":"max-snippet:-1","max-image-preview":"max-image-preview:large","max-video-preview":"max-video-preview:-1"},"canonical":"https:\/\/luksicscholars.org\/en\/admin-announcement\/fundacion-luksic-scholars-se-integra-a-fundacion-luksic-luksic-scholars-foundation-becomes-part-of-the-luksic-foundation\/","og_locale":"en_US","og_type":"article","og_title":"Fundaci\u00f3n Luksic Scholars se integra a Fundaci\u00f3n Luksic\/ Luksic Scholars Foundation becomes part of the Luksic Foundation - Luksic Scholars","og_description":"Estimada Comunidad Luksic Scholars, Compartimos con ustedes una emocionante y significativa noticia para nuestra comunidad. A partir de este a\u00f1o, la Fundaci\u00f3n Luksic Scholars se fusiona con su fundaci\u00f3n matriz, Fundaci\u00f3n Luksic. Este cambio representa un nuevo cap\u00edtulo para la instituci\u00f3n ya que formaremos el \u00e1rea de Relacionamiento Internacional de la Fundaci\u00f3n Luksic. Esta uni\u00f3n [&hellip;]","og_url":"https:\/\/luksicscholars.org\/en\/admin-announcement\/fundacion-luksic-scholars-se-integra-a-fundacion-luksic-luksic-scholars-foundation-becomes-part-of-the-luksic-foundation\/","og_site_name":"Luksic Scholars","article_modified_time":"2024-04-04T21:54:40+00:00","twitter_card":"summary_large_image","twitter_misc":{"Est. reading time":"3 minutes"},"schema":{"@context":"https:\/\/schema.org","@graph":[{"@type":"WebPage","@id":"https:\/\/luksicscholars.org\/en\/admin-announcement\/fundacion-luksic-scholars-se-integra-a-fundacion-luksic-luksic-scholars-foundation-becomes-part-of-the-luksic-foundation\/","url":"https:\/\/luksicscholars.org\/en\/admin-announcement\/fundacion-luksic-scholars-se-integra-a-fundacion-luksic-luksic-scholars-foundation-becomes-part-of-the-luksic-foundation\/","name":"Fundaci\u00f3n Luksic Scholars se integra a Fundaci\u00f3n Luksic\/ Luksic Scholars Foundation becomes part of the Luksic Foundation - Luksic Scholars","isPartOf":{"@id":"https:\/\/luksicscholars.org\/#website"},"datePublished":"2024-04-04T21:50:51+00:00","dateModified":"2024-04-04T21:54:40+00:00","breadcrumb":{"@id":"https:\/\/luksicscholars.org\/en\/admin-announcement\/fundacion-luksic-scholars-se-integra-a-fundacion-luksic-luksic-scholars-foundation-becomes-part-of-the-luksic-foundation\/#breadcrumb"},"inLanguage":"en-US","potentialAction":[{"@type":"ReadAction","target":["https:\/\/luksicscholars.org\/en\/admin-announcement\/fundacion-luksic-scholars-se-integra-a-fundacion-luksic-luksic-scholars-foundation-becomes-part-of-the-luksic-foundation\/"]}]},{"@type":"BreadcrumbList","@id":"https:\/\/luksicscholars.org\/en\/admin-announcement\/fundacion-luksic-scholars-se-integra-a-fundacion-luksic-luksic-scholars-foundation-becomes-part-of-the-luksic-foundation\/#breadcrumb","itemListElement":[{"@type":"ListItem","position":1,"name":"Home","item":"https:\/\/luksicscholars.org\/en\/"},{"@type":"ListItem","position":2,"name":"Admin Announcements","item":"https:\/\/luksicscholars.org\/admin-announcement\/"},{"@type":"ListItem","position":3,"name":"Fundaci\u00f3n Luksic Scholars se integra a Fundaci\u00f3n Luksic\/ Luksic Scholars Foundation becomes part of the Luksic Foundation"}]},{"@type":"WebSite","@id":"https:\/\/luksicscholars.org\/#website","url":"https:\/\/luksicscholars.org\/","name":"Luksic Scholars","description":"Connecting Luksic Scholars around the world","publisher":{"@id":"https:\/\/luksicscholars.org\/#organization"},"potentialAction":[{"@type":"SearchAction","target":{"@type":"EntryPoint","urlTemplate":"https:\/\/luksicscholars.org\/?s={search_term_string}"},"query-input":{"@type":"PropertyValueSpecification","valueRequired":true,"valueName":"search_term_string"}}],"inLanguage":"en-US"},{"@type":"Organization","@id":"https:\/\/luksicscholars.org\/#organization","name":"Luksic Scholars","url":"https:\/\/luksicscholars.org\/","logo":{"@type":"ImageObject","inLanguage":"en-US","@id":"https:\/\/luksicscholars.org\/#\/schema\/logo\/image\/","url":"https:\/\/luksicscholars.org\/\/wp-content\/uploads\/2020\/09\/LuksicScholarsFoundation-Primary-white.svg","contentUrl":"https:\/\/luksicscholars.org\/\/wp-content\/uploads\/2020\/09\/LuksicScholarsFoundation-Primary-white.svg","width":1177,"height":305,"caption":"Luksic Scholars"},"image":{"@id":"https:\/\/luksicscholars.org\/#\/schema\/logo\/image\/"}}]}},"comments_count":"0","view_count":68,"featured_image":null,"_links":{"self":[{"href":"https:\/\/luksicscholars.org\/en\/wp-json\/wp\/v2\/ls-admin-announce\/9268","targetHints":{"allow":["GET"]}}],"collection":[{"href":"https:\/\/luksicscholars.org\/en\/wp-json\/wp\/v2\/ls-admin-announce"}],"about":[{"href":"https:\/\/luksicscholars.org\/en\/wp-json\/wp\/v2\/types\/ls-admin-announce"}],"replies":[{"embeddable":true,"href":"https:\/\/luksicscholars.org\/en\/wp-json\/wp\/v2\/comments?post=9268"}],"wp:attachment":[{"href":"https:\/\/luksicscholars.org\/en\/wp-json\/wp\/v2\/media?parent=9268"}],"wp:term":[{"taxonomy":"ls-admin-ann-tag","embeddable":true,"href":"https:\/\/luksicscholars.org\/en\/wp-json\/wp\/v2\/ls-admin-ann-tag?post=9268"}],"curies":[{"name":"wp","href":"https:\/\/api.w.org\/{rel}","templated":true}]}}